{"id":4361,"date":"2020-05-28T17:13:02","date_gmt":"2020-05-28T22:13:02","guid":{"rendered":"https:\/\/unicuces.edu.co\/principal\/?page_id=4361"},"modified":"2022-04-05T08:46:44","modified_gmt":"2022-04-05T13:46:44","slug":"memorias-unicuces","status":"publish","type":"page","link":"https:\/\/unicuces.edu.co\/principal\/memorias-unicuces\/","title":{"rendered":"Memorias UNICUCES"},"content":{"rendered":"\n[et_pb_section bb_built=\u00bb1&#8243;][et_pb_row _builder_version=\u00bb3.21&#8243;][et_pb_column type=\u00bb4_4&#8243;][et_pb_image _builder_version=\u00bb3.21&#8243; src=\u00bbhttps:\/\/unicuces.edu.co\/principal\/wp-content\/uploads\/2020\/05\/Memorias-UNICUCES-cali-3.jpg\u00bb align=\u00bbcenter\u00bb custom_margin=\u00bb-63px|0px|0px|0px\u00bb \/][et_pb_code _builder_version=\u00bb3.21&#8243; text_orientation=\u00bbcenter\u00bb]<div class=\"mySlides\"><!-- [et_pb_line_break_holder] --><div class=\"pag-1 w3-display-container w3-text-white\"><!-- [et_pb_line_break_holder] --><img decoding=\"async\" src=\"https:\/\/unicuces.edu.co\/principal\/wp-content\/uploads\/2020\/06\/Unicuces-Fachada.jpg\" alt=\"Lights\" style=\"width: 718px;\"><!-- [et_pb_line_break_holder] --><!-- [et_pb_line_break_holder] --><div class=\"w3-padding w3-display-middle w3-xxlarge\"><!-- [et_pb_line_break_holder] --><h2 style=\"font-size: 17px;color:#fff;margin: 0 0 0 0;\">MEMORIAS UNICUCES<\/h2><!-- [et_pb_line_break_holder] --><h1 style=\"margin: 0 0 0 0;font-size: 43px;color:#fff\">Marco normativo<\/h1><!-- [et_pb_line_break_holder] --><h3 style=\"color:#fff;margin: 0 0 30px 0;\">Pandemia<\/h3><!-- [et_pb_line_break_holder] --><!--<h3 style=\"color:#fff;margin: 0 0 45px 0;font-style: italic;font-size: 17px;\">Per\u00edodo 1-2020<\/h3>--><!-- [et_pb_line_break_holder] --><pee style=\"text-align:center;font-size: 17px;margin: 0 0 20px 0;\">En el marco del aislamiento obligatorio para todos<!\u2013- [et_pb_br_holder] -\u2013> los colombianos y la emergencia sanitaria generada<!\u2013- [et_pb_br_holder] -\u2013> por la pandemia del Coronavirus COVID-19, la<!\u2013- [et_pb_br_holder] -\u2013> CORPORACI\u00d3N UNIVERSITARIA CENTRO<!\u2013- [et_pb_br_holder] -\u2013><!-- [et_pb_line_break_holder] -->SUPERIOR, UNICUCES, de acuerdo con el  <!\u2013- [et_pb_br_holder] -\u2013>mantenimiento del orden p\u00fablico enunciado por el<!\u2013- [et_pb_br_holder] -\u2013> Gobierno Nacional mediante Decreto Legislativo<!\u2013- [et_pb_br_holder] -\u2013> <!-- [et_pb_line_break_holder] -->531 del 8 de abril de 2020 y la Directiva Ministerial<!\u2013- [et_pb_br_holder] -\u2013> <!-- [et_pb_line_break_holder] -->N\u00b0 04 del Ministerio de Educaci\u00f3n Nacional, MEN,<!\u2013- [et_pb_br_holder] -\u2013> <!-- [et_pb_line_break_holder] -->donde se presentan las directrices y orientaciones<!\u2013- [et_pb_br_holder] -\u2013> <!-- [et_pb_line_break_holder] -->para que no se suspenda el desarrollo de los<!\u2013- [et_pb_br_holder] -\u2013> <!-- [et_pb_line_break_holder] -->programas acad\u00e9micos de las Instituciones de<!\u2013- [et_pb_br_holder] -\u2013> <!-- [et_pb_line_break_holder] -->Educaci\u00f3n Superior, estableci\u00f3 institucionalmente<!\u2013- [et_pb_br_holder] -\u2013> <!-- [et_pb_line_break_holder] -->un plan de contingencia para permitir el<!\u2013- [et_pb_br_holder] -\u2013> <!-- [et_pb_line_break_holder] -->cumplimiento de la programaci\u00f3n acad\u00e9mica y la<!\u2013- [et_pb_br_holder] -\u2013> <!-- [et_pb_line_break_holder] -->ejecuci\u00f3n de las funciones misionales del alma<!\u2013- [et_pb_br_holder] -\u2013> <!-- [et_pb_line_break_holder] -->mater:<\/pee><!-- [et_pb_line_break_holder] --><!-- [et_pb_line_break_holder] --><\/div><!-- cierra Middle--><!-- [et_pb_line_break_holder] --><\/div><!-- cierra container--><!-- [et_pb_line_break_holder] --><!-- [et_pb_line_break_holder] --><div style=\"width: 717px;height: 75px; background-color: #af0a27;font-size: 24px;margin:-7px auto;padding: 10px 0 0 0;color:#fff;\">DOCENCIA, INVESTIGACI\u00d3N Y PROYECCI\u00d3N SOCIAL Y<!-- [et_pb_line_break_holder] -->EXTENSI\u00d3N<\/div><!-- [et_pb_line_break_holder] --><div style=\"width:717px;margin: 0 auto\"><!-- [et_pb_line_break_holder] --><img decoding=\"async\" src=\"http:\/\/www.unicuces.edu.co\/principal\/wp-content\/uploads\/2020\/06\/Unicuces-Fachada-cali.jpg\"><!-- [et_pb_line_break_holder] --><\/div><!-- [et_pb_line_break_holder] --><div style=\"margin: -7px auto;width: 717px;height: 50px; background-color: #263570;font-size: 24px;padding: 10px 0 0 0;color:#fff;\">LA UNICUCES AVANZA<\/div><!-- [et_pb_line_break_holder] --><div style=\"width: 717px;height: 45px; background-color: #dcdcdc;font-size: 24px;padding: 10px 0 0 0;margin: 0 auto;color:#4F3533;font-weight: 700;\">Fuente: Secretar\u00eda General UNICUCES, 2020<\/div><!-- [et_pb_line_break_holder] --><div style=\"width:717px;margin:0 auto;\"><!-- [et_pb_line_break_holder] --><img decoding=\"async\" src=\"http:\/\/www.unicuces.edu.co\/principal\/wp-content\/uploads\/2020\/06\/Unicuces-Fachada-cali-pregrados.jpg\"><!-- [et_pb_line_break_holder] --><\/div><!-- [et_pb_line_break_holder] --><!-- [et_pb_line_break_holder] --><\/div><!--77--><!-- [et_pb_line_break_holder] --><!-- [et_pb_line_break_holder] --><!-- [et_pb_line_break_holder] --><div class=\"mySlides\"><!-- [et_pb_line_break_holder] --><!-- p\u00e1gina 2--><!-- [et_pb_line_break_holder] --><div class=\"pag-1 w3-display-container w3-text-white\"><!-- [et_pb_line_break_holder] --><img decoding=\"async\" src=\"https:\/\/unicuces.edu.co\/principal\/wp-content\/uploads\/2020\/06\/Unicuces-Fachada-cali-posgrados.jpg\" alt=\"Lights\" style=\"width: 718px;\"><!-- [et_pb_line_break_holder] --><!-- [et_pb_line_break_holder] --><div class=\"w3-padding w3-display-middle w3-xxlarge\"><!-- [et_pb_line_break_holder] --><h2 style=\"font-size: 17px;color:#fff;margin: 4px 0 0 0;\">MEMORIAS UNICUCES<\/h2><!-- [et_pb_line_break_holder] --><h1 style=\"margin: -20px 0 0 0;font-size: 43px;color:#fff\">Marco normativo<\/h1><!-- [et_pb_line_break_holder] --><h3 style=\"color:#fff;margin: -15px 0 0 0;\">Pandemia<\/h3><!-- [et_pb_line_break_holder] --><hr style=\"width: 40%;margin: -3px auto 3px;\"><!-- [et_pb_line_break_holder] --><!--<h3 style=\"color:#fff;margin: 0 0 0 0;font-style: italic;font-size: 17px;\">Per\u00edodo 1-2020<\/h3>--><!-- [et_pb_line_break_holder] --><\/div><!-- cierra Middle--><!-- [et_pb_line_break_holder] --><\/div><!-- cierra container--><!-- [et_pb_line_break_holder] --><div style=\"width: 717px;height: 15px; background-color: #af0a27;margin:-7px auto;padding: 10px 0 0 0;color:#fff;\"><\/div><!-- [et_pb_line_break_holder] --><!-- [et_pb_line_break_holder] --><!-- [et_pb_line_break_holder] --><!-- [et_pb_line_break_holder] --><!-- [et_pb_line_break_holder] --><!-- [et_pb_line_break_holder] --><div style=\"position:relative;width: 717px; background-color: #af0a27;margin:5px auto;\"><!-- [et_pb_line_break_holder] -->    <div style=\"position:relative;float:left;width:50%;height:400px;padding: 22px 22px;border-right: 5px solid #af0a27;\"><!-- [et_pb_line_break_holder] -->    <pee style=\" font-size: 25px;text-align: initial; font-weight: 800;font-family: initial;text-align: end;\"><a href=\"https:\/\/unicuces.edu.co\/principal\/wp-content\/uploads\/2020\/12\/2019-ACD-10-SEP-30_CURSOS-CO-TERMIN-DIRIG-TRAB-GRADO-CON-1-MATER-PEND.pdf\" target=\"_blank\" rel=\"noopener\">ACUERDO N\u00ba 10<\/a><\/pee><!-- [et_pb_line_break_holder] -->     <pee style=\" font-size: 17px;text-align: end; font-weight: 800;font-family: initial;font-style: italic; margin: -24px 0 -16px 0;text-align: end;\">30 de septiembre del 2019<\/pee><!-- [et_pb_line_break_holder] -->  <pee style=\"font-size: 16px;text-align: end;font-weight: 700;font-family: inherit;line-height: 17px;\">POR EL CUAL SE REGLAMENTA Y SE ACTUALIZA EL NUEVO PROCESO PARCIAL DE PROMOCI\u00d3N DE LOS POSGRADOS EN ESPECIALIZACIONES Y SE MODIFICAN EL ART\u00cdCULO 3\u00ba DEL REGLAMENTO DE REQUISITOS DE GRADO Y EL ART\u00cdCULO 41\u00ba DEL REGLAMENTO ESTUDIANTIL<\/pee><!-- [et_pb_line_break_holder] -->   <\/div><!-- [et_pb_line_break_holder] --><!-- [et_pb_line_break_holder] --><div style=\"position:relative;float:left;width:50%;height:400px;\"><!-- [et_pb_line_break_holder] -->        <a href=\"https:\/\/unicuces.edu.co\/principal\/wp-content\/uploads\/2020\/12\/2019-ACD-10-SEP-30_CURSOS-CO-TERMIN-DIRIG-TRAB-GRADO-CON-1-MATER-PEND.pdf\" target=\"_blank\" rel=\"noopener\"><img decoding=\"async\" src=\"https:\/\/unicuces.edu.co\/principal\/wp-content\/uploads\/2020\/06\/item-2-MARCO-NORMARTIVO-PANDEMIA-UNICUCES.jpg\" style=\"margin: 2px 0;\"><\/a><!-- [et_pb_line_break_holder] -->   <\/div><!-- [et_pb_line_break_holder] --><\/div><!-- [et_pb_line_break_holder] --><!-- [et_pb_line_break_holder] --><!-- [et_pb_line_break_holder] --><!-- [et_pb_line_break_holder] --><!-- [et_pb_line_break_holder] --><!-- [et_pb_line_break_holder] --><!-- [et_pb_line_break_holder] --><!-- [et_pb_line_break_holder] --><!-- [et_pb_line_break_holder] --><!-- [et_pb_line_break_holder] --><!-- [et_pb_line_break_holder] --><div style=\"position:relative;width: 717px; background-color: #af0a27;margin:5px auto;\"><!-- [et_pb_line_break_holder] -->    <div style=\"position:relative;float:left;width:50%;height:220px;border-right: 5px solid #af0a27;margin: -145px 0 0 0;\"><!-- [et_pb_line_break_holder] -->        <a href=\"https:\/\/unicuces.edu.co\/principal\/wp-content\/uploads\/2020\/03\/Comunicado-UNICUCES-4.pdf\" target=\"_blank\" rel=\"noopener\"><img decoding=\"async\" src=\"https:\/\/unicuces.edu.co\/principal\/wp-content\/uploads\/2020\/06\/item-1-MARCO-NORMARTIVO-PANDEMIA-UNICUCES.jpg\"><\/a><!-- [et_pb_line_break_holder] -->   <\/div><!-- [et_pb_line_break_holder] --><!-- [et_pb_line_break_holder] -->   <div style=\"position:relative;float:left;width:50%;height:220px;padding: 22px 22px;margin: -125px 0 0 0;\"><!-- [et_pb_line_break_holder] -->    <pee style=\" font-size: 25px;text-align: initial; font-weight: 800;font-family: initial;\"><a href=\"https:\/\/unicuces.edu.co\/principal\/wp-content\/uploads\/2020\/03\/Comunicado-UNICUCES-4.pdf\" target=\"_blank\" rel=\"noopener\">COMUNICADO N\u00ba 01<\/a><\/pee><!-- [et_pb_line_break_holder] -->     <pee style=\" font-size: 17px;text-align: initial; font-weight: 800;font-family: initial;font-style: italic; margin: -24px 0 -16px 0;\">16 de marzo del 2020<\/pee><!-- [et_pb_line_break_holder] -->    <pee style=\"font-size: 16px;text-align: initial;font-weight: 700;font-family: inherit;line-height: 17px;\">LA UNICUCES ESTABLECE LA<!\u2013- [et_pb_br_holder] -\u2013> SUSPENSI\u00d3N DE ACTIVIDADES<!\u2013- [et_pb_br_holder] -\u2013> PRESENCIALES ACAD\u00c9MICAS,<!\u2013- [et_pb_br_holder] -\u2013> COMO MEDIDA PREVENTIVA<!\u2013- [et_pb_br_holder] -\u2013> ANTE EL COVID-19.<\/pee><!-- [et_pb_line_break_holder] -->   <\/div><!-- [et_pb_line_break_holder] --><\/div><!-- [et_pb_line_break_holder] --><!-- [et_pb_line_break_holder] --><!-- [et_pb_line_break_holder] --><!-- [et_pb_line_break_holder] --><!-- [et_pb_line_break_holder] --><div style=\"position:relative;width: 717px; background-color: #af0a27;margin:5px auto;\"><!-- [et_pb_line_break_holder] -->    <div style=\"position:relative;float:left;width:50%;height:400px;padding: 22px 22px;border-right: 5px solid #af0a27;margin: -20px 0 0 0;\"><!-- [et_pb_line_break_holder] -->    <pee style=\" font-size: 25px;text-align: initial; font-weight: 800;font-family: initial;text-align: end;\"><a href=\"https:\/\/unicuces.edu.co\/principal\/wp-content\/uploads\/2020\/04\/2-ABRIL-13-DE-2020.pdf\" target=\"_blank\" rel=\"noopener\">COMUNICADO N\u00ba 02<\/a><\/pee><!-- [et_pb_line_break_holder] -->     <pee style=\" font-size: 17px;text-align: initial; font-weight: 800;font-family: initial;font-style: italic; margin: -24px 0 -16px 0;text-align: end;\">13 de abril del 2020<\/pee><!-- [et_pb_line_break_holder] -->    <pee style=\"font-size: 16px;text-align: end;font-weight: 700;font-family: inherit;line-height: 17px;\">LA UNICUCES AMPL\u00cdA LA<!\u2013- [et_pb_br_holder] -\u2013>SUSPENSI\u00d3N PRESENCIAL DE<!\u2013- [et_pb_br_holder] -\u2013>CLASES HASTA EL 30 DE MAYO<!\u2013- [et_pb_br_holder] -\u2013>DEL 2020 EL DESARROLLO DE<!\u2013- [et_pb_br_holder] -\u2013>LAS ACTIVIDADES ACAD\u00c9MICAS<!\u2013- [et_pb_br_holder] -\u2013>PRESENCIALES Y PROMUEVE<!\u2013- [et_pb_br_holder] -\u2013>LA GESTI\u00d3N PRESENCIAL-<!\u2013- [et_pb_br_holder] -\u2013>SINCR\u00d3NICA<!-- [et_pb_line_break_holder] -->Y VIRTUAL<!\u2013- [et_pb_br_holder] -\u2013> ASINCR\u00d3NICA, ASISTIDAS POR<!\u2013- [et_pb_br_holder] -\u2013>LAS HERRAMIENTAS QUE<!\u2013- [et_pb_br_holder] -\u2013>OFRECEN LAS TECNOLOG\u00cdAS<!\u2013- [et_pb_br_holder] -\u2013>DE LA INFORMACI\u00d3N Y<!\u2013- [et_pb_br_holder] -\u2013>LAS COMUNICACIONES-TIC,<!\u2013- [et_pb_br_holder] -\u2013>GARANTIZANDO LAS<!\u2013- [et_pb_br_holder] -\u2013>CONDICIONES DE CALIDAD<!\u2013- [et_pb_br_holder] -\u2013>RECONOCIDAS EN<!\u2013- [et_pb_br_holder] -\u2013>LOS REGISTROS CALIFICADOS<!\u2013- [et_pb_br_holder] -\u2013>VIGENTES DE LOS PROGRAMAS<!\u2013- [et_pb_br_holder] -\u2013>ACAD\u00c9MICOS.<\/pee><!-- [et_pb_line_break_holder] -->   <\/div><!-- [et_pb_line_break_holder] --><!-- [et_pb_line_break_holder] --><div style=\"position:relative;float:left;width:50%;height:400px;margin: -20px 0 0 0;\"><!-- [et_pb_line_break_holder] -->        <a href=\"https:\/\/unicuces.edu.co\/principal\/wp-content\/uploads\/2020\/04\/2-ABRIL-13-DE-2020.pdf\" target=\"_blank\" rel=\"noopener\"><img decoding=\"async\" src=\"https:\/\/unicuces.edu.co\/principal\/wp-content\/uploads\/2020\/06\/item-2-MARCO-NORMARTIVO-PANDEMIA-UNICUCES.jpg\" style=\"margin: 100px 0;\"><\/a><!-- [et_pb_line_break_holder] -->   <\/div><!-- [et_pb_line_break_holder] --><\/div><!-- [et_pb_line_break_holder] --><!-- [et_pb_line_break_holder] --><!-- [et_pb_line_break_holder] --><!-- [et_pb_line_break_holder] --><!-- [et_pb_line_break_holder] --><!-- [et_pb_line_break_holder] --><!-- [et_pb_line_break_holder] --><div style=\"position:relative;width: 717px; background-color: #af0a27;margin:5px auto;\"><!-- [et_pb_line_break_holder] -->    <div style=\"position:relative;float:left;width:50%;height:370px;border-right: 5px solid #af0a27;\"><!-- [et_pb_line_break_holder] -->        <a href=\"https:\/\/unicuces.edu.co\/principal\/wp-content\/uploads\/2020\/04\/4-2020-RES-04-ABR-14_MODIFICA-Articulos-4%C2%B0-6%C2%B0-DE-LA-RESOL-RECT-N%C2%B0-02-DE-ene-14-de-2020-DISPOSICIONES-GENERALES.pdf\" target=\"_blank\" rel=\"noopener\"><img decoding=\"async\" src=\"https:\/\/unicuces.edu.co\/principal\/wp-content\/uploads\/2020\/06\/item-3-MARCO-NORMARTIVO-PANDEMIA-UNICUCES.jpg\" style=\"margin: 80px 0 0;\"><\/a><!-- [et_pb_line_break_holder] -->   <\/div><!-- [et_pb_line_break_holder] --><!-- [et_pb_line_break_holder] -->   <div style=\"position:relative;float:left;width:50%;height:370px;padding: 22px 22px;\"><!-- [et_pb_line_break_holder] -->    <pee style=\" font-size: 25px;text-align: initial; font-weight: 800;font-family: initial;\"><a href=\"https:\/\/unicuces.edu.co\/principal\/wp-content\/uploads\/2020\/04\/4-2020-RES-04-ABR-14_MODIFICA-Articulos-4%C2%B0-6%C2%B0-DE-LA-RESOL-RECT-N%C2%B0-02-DE-ene-14-de-2020-DISPOSICIONES-GENERALES.pdf\" target=\"_blank\" rel=\"noopener\">RESOLUCI\u00d3N DE <!\u2013- [et_pb_br_holder] -\u2013>RECTOR\u00cdA N\u00ba 04<\/a><\/pee><!-- [et_pb_line_break_holder] -->     <pee style=\" font-size: 17px;text-align: initial; font-weight: 800;font-family: initial;font-style: italic; margin: -24px 0 -16px 0;\">14 de abril del 2020<\/pee><!-- [et_pb_line_break_holder] -->    <pee style=\"font-size: 16px;text-align: initial;font-weight: 700;font-family: inherit;line-height: 17px;\">POR LA CUAL SE MODIFICAN<!\u2013- [et_pb_br_holder] -\u2013>DE MANERA EXCEPCIONAL LOS<!\u2013- [et_pb_br_holder] -\u2013>ART\u00cdCULOS 4\u00b0, 5\u00b0 Y 6\u00b0 DE LA<!\u2013- [et_pb_br_holder] -\u2013>RESOLUCI\u00d3N RECTORAL N\u00b0 02<!\u2013- [et_pb_br_holder] -\u2013>DE ENERO 14 DE 2020,<!\u2013- [et_pb_br_holder] -\u2013>RELACIONADOS CON LA<!\u2013- [et_pb_br_holder] -\u2013>PROGRAMACI\u00d3N DE LOS<!\u2013- [et_pb_br_holder] -\u2013>REQUISITOS DE GRADO Y EL<!\u2013- [et_pb_br_holder] -\u2013>CRONOGRAMA PARA LOS<!\u2013- [et_pb_br_holder] -\u2013>GRADOS EN CEREMONIAS<!\u2013- [et_pb_br_holder] -\u2013>P\u00daBLICA Y PRIVADA DE LA<!\u2013- [et_pb_br_holder] -\u2013>CORPORACI\u00d3N UNIVERSITARIA<!\u2013- [et_pb_br_holder] -\u2013>CENTRO SUPERIOR,<!\u2013- [et_pb_br_holder] -\u2013>UNICUCES, PARA EL PRIMER<!\u2013- [et_pb_br_holder] -\u2013><!-- [et_pb_line_break_holder] -->SEMESTRE DEL A\u00d1O 2020.<\/pee><!-- [et_pb_line_break_holder] -->   <\/div><!-- [et_pb_line_break_holder] --><\/div><!-- [et_pb_line_break_holder] --><!-- [et_pb_line_break_holder] --><!-- [et_pb_line_break_holder] --><!-- [et_pb_line_break_holder] --><!-- [et_pb_line_break_holder] --><!-- [et_pb_line_break_holder] --><!-- [et_pb_line_break_holder] --><!-- [et_pb_line_break_holder] --><!-- [et_pb_line_break_holder] --><div style=\"margin: 1244px auto 0;top: 50%;position: relative;width: 717px;height: 10px;background-color: #263570;\"><\/div><!-- [et_pb_line_break_holder] --><!-- [et_pb_line_break_holder] --><div style=\"width: 717px;height: 45px; background-color: #dcdcdc;font-size: 16px;padding: 10px 0 0 0;margin: 0 auto 0;color:#4F3533;font-weight: 700;\">Fuente: Secretar\u00eda General UNICUCES, 2020<\/div><!-- [et_pb_line_break_holder] --><!-- [et_pb_line_break_holder] --><div style=\"width:717px;margin:0 auto;\"><!-- [et_pb_line_break_holder] --><img decoding=\"async\" src=\"http:\/\/www.unicuces.edu.co\/principal\/wp-content\/uploads\/2020\/06\/Unicuces-Fachada-cali-pregrados.jpg\"><!-- [et_pb_line_break_holder] --><\/div><!-- [et_pb_line_break_holder] --><!-- [et_pb_line_break_holder] --><\/div><!-- [et_pb_line_break_holder] --><!-- [et_pb_line_break_holder] --><!-- [et_pb_line_break_holder] --><!-- [et_pb_line_break_holder] --><div class=\"mySlides\"><!-- [et_pb_line_break_holder] --><!-- P\u00e1gina 3--><!-- [et_pb_line_break_holder] --><!-- [et_pb_line_break_holder] --><div class=\"pag-1 w3-display-container w3-text-white\"><!-- [et_pb_line_break_holder] --><img decoding=\"async\" src=\"https:\/\/unicuces.edu.co\/principal\/wp-content\/uploads\/2020\/06\/Unicuces-Fachada-cali-posgrados.jpg\" alt=\"Lights\" style=\"width: 718px;\"><!-- [et_pb_line_break_holder] --><!-- [et_pb_line_break_holder] --><div class=\"w3-padding w3-display-middle w3-xxlarge\"><!-- [et_pb_line_break_holder] --><h2 style=\"font-size: 17px;color:#fff;margin: 4px 0 0 0;\">MEMORIAS UNICUCES<\/h2><!-- [et_pb_line_break_holder] --><h1 style=\"margin: -20px 0 0 0;font-size: 43px;color:#fff\">Marco normativo<\/h1><!-- [et_pb_line_break_holder] --><h3 style=\"color:#fff;margin: -15px 0 0 0;\">Pandemia<\/h3><!-- [et_pb_line_break_holder] --><hr style=\"width: 40%;margin: -3px auto 3px;\"><!-- [et_pb_line_break_holder] --><!--<h3 style=\"color:#fff;margin: 0 0 0 0;font-style: italic;font-size: 17px;\">Per\u00edodo 1-2020<\/h3>--><!-- [et_pb_line_break_holder] --><\/div><!-- cierra Middle--><!-- [et_pb_line_break_holder] --><\/div><!-- cierra container--><!-- [et_pb_line_break_holder] --><div style=\"width: 717px;height: 15px; background-color: #af0a27;margin:-7px auto;padding: 10px 0 0 0;color:#fff;\"><\/div><!-- [et_pb_line_break_holder] --><!-- [et_pb_line_break_holder] --><!-- [et_pb_line_break_holder] --><!-- [et_pb_line_break_holder] --><!-- [et_pb_line_break_holder] --><!-- [et_pb_line_break_holder] --><div style=\"position:relative;width: 717px; background-color: #af0a27;margin:5px auto;\"><!-- [et_pb_line_break_holder] -->    <div style=\"position:relative;float:left;width:50%;height:220px;padding: 22px 22px;border-right: 5px solid #af0a27;\"><!-- [et_pb_line_break_holder] -->    <pee style=\" font-size: 25px;text-align: end; font-weight: 800;font-family: initial;\"><a href=\"https:\/\/unicuces.edu.co\/principal\/wp-content\/uploads\/2020\/05\/5-RES-05-ABR-20_DISPOS-GENER-1-2020-Y-2-2020.pdf\" target=\"_blank\" rel=\"noopener\">RESOLUCI\u00d3N DE<!\u2013- [et_pb_br_holder] -\u2013>RECTOR\u00cdA NO. 05<\/a><\/pee><!-- [et_pb_line_break_holder] -->     <pee style=\" font-size: 17px;text-align: end; font-weight: 800;font-family: initial;font-style: italic; margin: -24px 0 -16px 0;\">20 de abril del 2020<\/pee><!-- [et_pb_line_break_holder] -->    <pee style=\"font-size: 16px;text-align: end;font-weight: 700;font-family: inherit;line-height: 17px;\">POR LA CUAL SE ESTABLECEN<!\u2013- [et_pb_br_holder] -\u2013>DE MANERA EXCEPCIONAL<!\u2013- [et_pb_br_holder] -\u2013>DISPOSICIONES ESPECIALES<!\u2013- [et_pb_br_holder] -\u2013>CON RELACI\u00d3N A LA<!\u2013- [et_pb_br_holder] -\u2013>FINALIZACI\u00d3N DE LAS<!\u2013- [et_pb_br_holder] -\u2013>ACTIVIDADES ACAD\u00c9MICAS Y<!\u2013- [et_pb_br_holder] -\u2013>CIERRE DEL PRIMER SEMESTRE<!\u2013- [et_pb_br_holder] -\u2013>ACAD\u00c9MICO DEL A\u00d1O 2020.<\/pee><!-- [et_pb_line_break_holder] -->   <\/div><!-- [et_pb_line_break_holder] --><!-- [et_pb_line_break_holder] --><div style=\"position:relative;float:left;width:50%;height:220px;\"><!-- [et_pb_line_break_holder] -->        <a href=\"https:\/\/unicuces.edu.co\/principal\/wp-content\/uploads\/2020\/05\/5-RES-05-ABR-20_DISPOS-GENER-1-2020-Y-2-2020.pdf\" target=\"_blank\" rel=\"noopener\"><img decoding=\"async\" src=\"https:\/\/unicuces.edu.co\/principal\/wp-content\/uploads\/2020\/06\/item-4-MARCO-NORMARTIVO-PANDEMIA-UNICUCES.jpg\"><\/a><!-- [et_pb_line_break_holder] -->   <\/div><!-- [et_pb_line_break_holder] --><\/div><!-- [et_pb_line_break_holder] --><!-- [et_pb_line_break_holder] --><!-- [et_pb_line_break_holder] --><!-- [et_pb_line_break_holder] --><!-- [et_pb_line_break_holder] --><div style=\"position:relative;width: 717px; background-color: #af0a27;margin:5px auto;\"><!-- [et_pb_line_break_holder] -->    <div style=\"position:relative;float:left;width:50%;height:300px;border-right: 5px solid #af0a27;\"><!-- [et_pb_line_break_holder] -->        <a href=\"http:\/\/www.unicuces.edu.co\/principal\/wp-content\/uploads\/2020\/07\/ACD%201-MAY%206_ALIVIOS%20FINANCIEROS_NO%20SABER%2011_MODIFICA%20BECAS%20-%20COVID-19.pdf\" target=\"_blank\" rel=\"noopener\"><img decoding=\"async\" src=\"https:\/\/unicuces.edu.co\/principal\/wp-content\/uploads\/2020\/06\/item-1-MARCO-NORMARTIVO-PANDEMIA-UNICUCES.jpg\"><\/a><!-- [et_pb_line_break_holder] -->   <\/div><!-- [et_pb_line_break_holder] --><!-- [et_pb_line_break_holder] -->   <div style=\"position:relative;float:left;width:50%;height:300px;padding: 22px 22px;\"><!-- [et_pb_line_break_holder] -->    <pee style=\" font-size: 25px;text-align: initial; font-weight: 800;font-family: initial;\"><a href=\"http:\/\/www.unicuces.edu.co\/principal\/wp-content\/uploads\/2020\/07\/ACD%201-MAY%206_ALIVIOS%20FINANCIEROS_NO%20SABER%2011_MODIFICA%20BECAS%20-%20COVID-19.pdf\" target=\"_blank\" rel=\"noopener\">ACUERDO<!\u2013- [et_pb_br_holder] -\u2013>CONSEJO<!\u2013- [et_pb_br_holder] -\u2013>SUPERIOR O1<\/a><\/pee><!-- [et_pb_line_break_holder] --> <pee style=\" font-size: 17px;text-align: initial; font-weight: 800;font-family: initial;font-style: italic; margin: -24px 0 -16px 0;\">6 de mayo del 2020<\/pee><!-- [et_pb_line_break_holder] --><!-- [et_pb_line_break_holder] --><pee style=\"font-size: 16px;text-align: initial;font-weight: 700;font-family: inherit;line-height: 17px;\">POR EL CUAL SE DICTAN<!\u2013- [et_pb_br_holder] -\u2013>MEDIDAS ESPECIALES SOBRE ALIVIOS FINANCIEROS PARA MATR\u00cdCULA EN<!\u2013- [et_pb_br_holder] -\u2013>EL PER\u00cdODO ACAD\u00c9MICO<!\u2013- [et_pb_br_holder] -\u2013>2-2020 EN LA CORPORACI\u00d3N<!\u2013- [et_pb_br_holder] -\u2013>UNIVERSITARIA CENTRO<!\u2013- [et_pb_br_holder] -\u2013>SUPERIOR, UNICUCES, EN EL<!\u2013- [et_pb_br_holder] -\u2013>MARCO DEL ESTADO DE<!\u2013- [et_pb_br_holder] -\u2013>EMERGENCIA ECON\u00d3MICA,<!\u2013- [et_pb_br_holder] -\u2013>SOCIAL Y ECOL\u00d3GICA.<\/pee><!-- [et_pb_line_break_holder] --><!-- [et_pb_line_break_holder] --> <!-- <pee style=\"font-size: 16px;text-align: initial;font-weight: 700;font-family: inherit;line-height: 17px;\">POR EL CUAL SE DICTAN<!\u2013- [et_pb_br_holder] -\u2013>MEDIDAS ESPECIALES PARA<!\u2013- [et_pb_br_holder] -\u2013>EL PER\u00cdODO ACAD\u00c9MICO<!\u2013- [et_pb_br_holder] -\u2013>2-2020 EN LA CORPORACI\u00d3N<!\u2013- [et_pb_br_holder] -\u2013>UNIVERSITARIA CENTRO<!\u2013- [et_pb_br_holder] -\u2013>SUPERIOR, UNICUCES, EN EL<!\u2013- [et_pb_br_holder] -\u2013>MARCO DEL ESTADO DE<!\u2013- [et_pb_br_holder] -\u2013>EMERGENCIA ECON\u00d3MICA,<!\u2013- [et_pb_br_holder] -\u2013>SOCIAL Y ECOL\u00d3GICA.<\/pee><!-- [et_pb_line_break_holder] --><!-- [et_pb_line_break_holder] -->https:\/\/unicuces.edu.co\/principal\/wp-content\/uploads\/2020\/07\/ACD-1-MAY-6_ALIVIOS-FINANCIEROS_NO-SABER-11_MODIFICA-BECAS-COVID-19.pdf -old<!-- [et_pb_line_break_holder] --><!-- [et_pb_line_break_holder] -->&#8211;><!-- [et_pb_line_break_holder] -->   <\/div><!-- [et_pb_line_break_holder] --><\/div><!-- [et_pb_line_break_holder] --><!-- [et_pb_line_break_holder] --><!-- [et_pb_line_break_holder] --><!-- [et_pb_line_break_holder] --><!-- [et_pb_line_break_holder] --><!-- [et_pb_line_break_holder] --><div style=\"position:relative;width: 717px; background-color: #af0a27;margin:5px auto;\"><!-- [et_pb_line_break_holder] -->    <div style=\"position:relative;float:left;width:50%;height:200px;padding: 22px 22px;border-right: 5px solid #af0a27;\"><!-- [et_pb_line_break_holder] -->    <pee style=\" font-size: 25px;text-align: initial; font-weight: 800;font-family: initial;text-align: end;\"><a href=\"https:\/\/unicuces.edu.co\/principal\/wp-content\/uploads\/2020\/05\/RES-N%C2%B0-6-MAY-15_INGLES-EN-1-2020.pdf\" target=\"_blank\" rel=\"noopener\">RESOLUCI\u00d3N DE<!\u2013- [et_pb_br_holder] -\u2013>RECTOR\u00cdA NO. 06<\/a><\/pee><!-- [et_pb_line_break_holder] -->     <pee style=\" font-size: 17px;text-align: initial; font-weight: 800;font-family: initial;font-style: italic; margin: -24px 0 -16px 0;text-align: end;\">15 de mayo del 2020<\/pee><!-- [et_pb_line_break_holder] -->    <pee style=\"font-size: 16px;text-align: end;font-weight: 700;font-family: inherit;line-height: 17px;\">POR LA CUAL SE ESTABLECE EL PLAN DE RECUPERACI\u00d3N DEL PROGRAMA DE INGL\u00c9S DEL PRIMER SEMESTRE ACAD\u00c9MICO DEL A\u00d1O 2020. <\/pee><!-- [et_pb_line_break_holder] -->   <\/div><!-- [et_pb_line_break_holder] --><!-- [et_pb_line_break_holder] --><div style=\"position:relative;float:left;width:50%;height:200px;\"><!-- [et_pb_line_break_holder] -->        <a href=\"https:\/\/unicuces.edu.co\/principal\/wp-content\/uploads\/2020\/05\/RES-N%C2%B0-6-MAY-15_INGLES-EN-1-2020.pdf\" target=\"_blank\" rel=\"noopener\"><img decoding=\"async\" src=\"https:\/\/unicuces.edu.co\/principal\/wp-content\/uploads\/2020\/06\/item-2-MARCO-NORMARTIVO-PANDEMIA-UNICUCES.jpg\" style=\"margin: -4px 0;\"><\/a><!-- [et_pb_line_break_holder] -->   <\/div><!-- [et_pb_line_break_holder] --><\/div><!-- [et_pb_line_break_holder] --><!-- [et_pb_line_break_holder] --><!-- [et_pb_line_break_holder] --><!-- [et_pb_line_break_holder] --><!-- [et_pb_line_break_holder] --><!-- [et_pb_line_break_holder] --><div style=\"position:relative;width: 717px; background-color: #af0a27;margin:5px auto;\"><!-- [et_pb_line_break_holder] -->    <div style=\"position:relative;float:left;width:50%;height:300px;border-right: 5px solid #af0a27;\"><!-- [et_pb_line_break_holder] -->        <a href=\"https:\/\/unicuces.edu.co\/principal\/wp-content\/uploads\/2020\/06\/RES-08-JUN-12_2020-BIENESTAR-INSTITUCIONAL.pdf\" target=\"_blank\" rel=\"noopener\"><img decoding=\"async\" src=\"https:\/\/unicuces.edu.co\/principal\/wp-content\/uploads\/2020\/06\/item-3-MARCO-NORMARTIVO-PANDEMIA-UNICUCES.jpg\" style=\"margin: 30px 0 0 -3px;\"><\/a><!-- [et_pb_line_break_holder] -->   <\/div><!-- [et_pb_line_break_holder] --><!-- [et_pb_line_break_holder] -->   <div style=\"position:relative;float:left;width:50%;height:300px;padding: 22px 22px;\"><!-- [et_pb_line_break_holder] -->    <pee style=\" font-size: 25px;text-align: initial; font-weight: 800;font-family: initial;\"><a href=\"https:\/\/unicuces.edu.co\/principal\/wp-content\/uploads\/2020\/06\/RES-08-JUN-12_2020-BIENESTAR-INSTITUCIONAL.pdf\" target=\"_blank\" rel=\"noopener\">RESOLUCI\u00d3N DE <!\u2013- [et_pb_br_holder] -\u2013>RECTOR\u00cdA NO. 08<\/a><\/pee><!-- [et_pb_line_break_holder] -->     <pee style=\" font-size: 17px;text-align: initial; font-weight: 800;font-family: initial;font-style: italic; margin: -24px 0 -16px 0;\">12 de junio del 2020<\/pee><!-- [et_pb_line_break_holder] -->    <pee style=\"font-size: 16px;text-align: initial;font-weight: 700;font-family: inherit;line-height: 17px;\">POR LA CUAL SE ADOPTA Y ESTABLECE PARA EL PER\u00cdODO INTERMEDIO 1-2020-2-2020 EL CUMPLIMIENTO DE LAS ACTIVIDADES BIENESTAR INSTITUCIONAL, COMO COMPLEMENTO Y CIERRE DE ESTAS ACTIVIDADES ESTABLECIDAS EN EL CALENDARIO ANUAL DE LA INSTITUCI\u00d3N, CORRESPONDIENTE AL PRIMER SEMESTRE ACAD\u00c9MICO DEL A\u00d1O 2020.<\/pee><!-- [et_pb_line_break_holder] -->   <\/div><!-- [et_pb_line_break_holder] --><\/div>  <!-- [et_pb_line_break_holder] --><!-- [et_pb_line_break_holder] --><!-- [et_pb_line_break_holder] --><!-- [et_pb_line_break_holder] --><!-- [et_pb_line_break_holder] --><!-- [et_pb_line_break_holder] --><div style=\"margin: 1024px auto 0;top: 50%;position: relative;width: 717px;height: 10px;background-color: #263570;\"><\/div><!-- [et_pb_line_break_holder] --><!-- [et_pb_line_break_holder] --><div style=\"width: 717px;height: 45px; background-color: #dcdcdc;font-size: 16px;padding: 10px 0 0 0;margin: 0 auto 0;color:#4F3533;font-weight: 700;\">Fuente: Secretar\u00eda General UNICUCES, 2020<\/div><!-- [et_pb_line_break_holder] --><!-- [et_pb_line_break_holder] --><div style=\"width:717px;margin:0 auto;\"><!-- [et_pb_line_break_holder] --><img decoding=\"async\" src=\"http:\/\/www.unicuces.edu.co\/principal\/wp-content\/uploads\/2020\/06\/Unicuces-Fachada-cali-pregrados.jpg\"><!-- [et_pb_line_break_holder] --><\/div><!-- [et_pb_line_break_holder] --><!-- [et_pb_line_break_holder] --><\/div><!-- [et_pb_line_break_holder] --><!-- [et_pb_line_break_holder] --><!-- [et_pb_line_break_holder] --><!-- [et_pb_line_break_holder] --><!--  \/\/\/\/\/\/\/\/\/\/\/\/\/\/\/\/\/\/\/\/\/\/\/ --><!-- [et_pb_line_break_holder] --><!-- [et_pb_line_break_holder] --><div class=\"mySlides\"><!-- [et_pb_line_break_holder] --><!-- P\u00e1gina 4--><!-- [et_pb_line_break_holder] --><!-- [et_pb_line_break_holder] --><div class=\"pag-1 w3-display-container w3-text-white\"><!-- [et_pb_line_break_holder] --><img decoding=\"async\" src=\"https:\/\/unicuces.edu.co\/principal\/wp-content\/uploads\/2020\/06\/Unicuces-Fachada-cali-posgrados.jpg\" alt=\"Lights\" style=\"width: 718px;\"><!-- [et_pb_line_break_holder] --><!-- [et_pb_line_break_holder] --><div class=\"w3-padding w3-display-middle w3-xxlarge\"><!-- [et_pb_line_break_holder] --><h2 style=\"font-size: 17px;color:#fff;margin: 4px 0 0 0;\">MEMORIAS UNICUCES<\/h2><!-- [et_pb_line_break_holder] --><h1 style=\"margin: -20px 0 0 0;font-size: 43px;color:#fff\">Marco normativo<\/h1><!-- [et_pb_line_break_holder] --><h3 style=\"color:#fff;margin: -15px 0 0 0;\">Pandemia<\/h3><!-- [et_pb_line_break_holder] --><hr style=\"width: 40%;margin: -3px auto 3px;\"><!-- [et_pb_line_break_holder] --><!--<h3 style=\"color:#fff;margin: 0 0 0 0;font-style: italic;font-size: 17px;\">Per\u00edodo 1-2020<\/h3>--><!-- [et_pb_line_break_holder] --><\/div><!-- cierra Middle--><!-- [et_pb_line_break_holder] --><\/div><!-- cierra container--><!-- [et_pb_line_break_holder] --><div style=\"width: 717px;height: 15px; background-color: #af0a27;margin:-7px auto;padding: 10px 0 0 0;color:#fff;\"><\/div><!-- [et_pb_line_break_holder] --><!-- [et_pb_line_break_holder] --><!-- [et_pb_line_break_holder] --><!-- [et_pb_line_break_holder] --><div style=\"position:relative;width: 717px; background-color: #af0a27;margin:5px auto;\"><!-- [et_pb_line_break_holder] -->    <div style=\"position:relative;float:left;width:50%;height:330px;padding: 22px 22px;border-right: 5px solid #af0a27;\"><!-- [et_pb_line_break_holder] -->    <pee style=\" font-size: 25px;text-align: end; font-weight: 800;font-family: initial;\"><a href=\"https:\/\/unicuces.edu.co\/principal\/wp-content\/uploads\/2020\/06\/RES-09-JUN-12_2020-FISICA-Y-TALLERES-INGENIERIAS.pdf\" target=\"_blank\" rel=\"noopener\">RESOLUCI\u00d3N DE<!\u2013- [et_pb_br_holder] -\u2013>RECTOR\u00cdA NO. 09<\/a><\/pee><!-- [et_pb_line_break_holder] -->     <pee style=\" font-size: 17px;text-align: end; font-weight: 800;font-family: initial;font-style: italic; margin: -24px 0 -16px 0;\">12 de junio del 2020<\/pee><!-- [et_pb_line_break_holder] -->    <pee style=\"font-size: 16px;text-align: end;font-weight: 700;font-family: inherit;line-height: 17px;\">POR LA CUAL SE ADOPTA Y ESTABLECE PARA EL PER\u00cdODO INTERMEDIO 1-2020-2-2020 EL CUMPLIMIENTO DE LOS TALLERES DE INGENIER\u00cdA INDUSTRIAL Y LOS TALLERES DE INGENIER\u00cdA DE SISTEMAS, COMO COMPLEMENTO Y CIERRE DE LAS ACTIVIDADES PROGRAMADAS DE BIENESTAR INSTITUCIONAL ESTABLECIDAS EN EL CALENDARIO ANUAL DE LA INSTITUCI\u00d3N, CORRESPONDIENTE AL PRIMER SEMESTRE ACAD\u00c9MICO DEL A\u00d1O 2020.<\/pee><!-- [et_pb_line_break_holder] -->   <\/div><!-- [et_pb_line_break_holder] --><!-- [et_pb_line_break_holder] --><div style=\"position:relative;float:left;width:50%;height:330px;\"><!-- [et_pb_line_break_holder] -->        <a href=\"https:\/\/unicuces.edu.co\/principal\/wp-content\/uploads\/2020\/06\/RES-09-JUN-12_2020-FISICA-Y-TALLERES-INGENIERIAS.pdf\" target=\"_blank\" rel=\"noopener\"><img decoding=\"async\" src=\"https:\/\/unicuces.edu.co\/principal\/wp-content\/uploads\/2020\/06\/item-4-MARCO-NORMARTIVO-PANDEMIA-UNICUCES.jpg\" style=\"margin: 50px 0 0 0;\"><\/a><!-- [et_pb_line_break_holder] -->   <\/div><!-- [et_pb_line_break_holder] --><\/div><!-- [et_pb_line_break_holder] --><!-- [et_pb_line_break_holder] --><!-- [et_pb_line_break_holder] --><div style=\"position:relative;width: 717px; background-color: #af0a27;margin:5px auto;\"><!-- [et_pb_line_break_holder] -->    <div style=\"position:relative;float:left;width:50%;height:300px;border-right: 5px solid #af0a27;\"><!-- [et_pb_line_break_holder] -->        <a href=\"https:\/\/unicuces.edu.co\/principal\/wp-content\/uploads\/2020\/07\/COMUNICADO-JULIO-8-2020-CANDIDATOS-A-GRADO-EN-AGO-15.pdf\" target=\"_blank\" rel=\"noopener\"><img decoding=\"async\" src=\"https:\/\/unicuces.edu.co\/principal\/wp-content\/uploads\/2020\/06\/item-1-MARCO-NORMARTIVO-PANDEMIA-UNICUCES.jpg\"><\/a><!-- [et_pb_line_break_holder] -->   <\/div><!-- [et_pb_line_break_holder] --><!-- [et_pb_line_break_holder] -->   <div style=\"position:relative;float:left;width:50%;height:300px;padding: 22px 22px;\"><!-- [et_pb_line_break_holder] -->    <pee style=\" font-size: 25px;text-align: initial; font-weight: 800;font-family: initial;\"><a href=\"https:\/\/unicuces.edu.co\/principal\/wp-content\/uploads\/2020\/07\/COMUNICADO-JULIO-8-2020-CANDIDATOS-A-GRADO-EN-AGO-15.pdf\" target=\"_blank\" rel=\"noopener\"> COMUNICADO N\u00ba 03<\/a><\/pee><!-- [et_pb_line_break_holder] --> <pee style=\" font-size: 17px;text-align: initial; font-weight: 800;font-family: initial;font-style: italic; margin: -24px 0 -16px 0;\">8 de julio de 2020<\/pee><!-- [et_pb_line_break_holder] --><!-- [et_pb_line_break_holder] --><pee style=\"font-size: 16px;text-align: initial;font-weight: 700;font-family: inherit;line-height: 17px;\">COMUNICADO PARA EGRESADOS CANDIDATOS A GRADO<!\u2013- [et_pb_br_holder] -\u2013><!-- [et_pb_line_break_holder] -->Nueva ceremonia virtual-sincr\u00f3nica con fecha de realizaci\u00f3n s\u00e1bado 15 de agosto de 2020.<\/pee><!-- [et_pb_line_break_holder] -->   <\/div><!-- [et_pb_line_break_holder] --><\/div><!-- [et_pb_line_break_holder] --><!-- [et_pb_line_break_holder] --><!-- [et_pb_line_break_holder] --><!-- [et_pb_line_break_holder] --><!-- [et_pb_line_break_holder] --><div style=\"position:relative;width: 717px; background-color: #af0a27;margin:5px auto;\"><!-- [et_pb_line_break_holder] -->    <div style=\"position:relative;float:left;width:50%;height:285px;padding: 22px 22px;border-right: 5px solid #af0a27;\"><!-- [et_pb_line_break_holder] -->    <pee style=\" font-size: 25px;text-align: initial; font-weight: 800;font-family: initial;text-align: end;margin: -80px 0 0;\"><a href=\"https:\/\/unicuces.edu.co\/principal\/wp-content\/uploads\/2020\/07\/14-JULIO-Comunicado-UNICUCES-2-2020-Actividades-Academicas.pdf\" target=\"_blank\" rel=\"noopener\">COMUNICADO N\u00ba 04<\/a><\/pee><!-- [et_pb_line_break_holder] -->     <pee style=\" font-size: 17px;text-align: initial; font-weight: 800;font-family: initial;font-style: italic; margin: -24px 0 -16px 0;text-align: end;\">14 de julio de 2020<\/pee><!-- [et_pb_line_break_holder] -->    <pee style=\"font-size: 16px;text-align: end;font-weight: 700;font-family: inherit;line-height: 17px;\">Los directivos de la CORPORACI\u00d3N UNIVERSITARIA CENTRO SUPERIOR, UNICUCES, informamos a la comunidad universitaria que, ante la prolongaci\u00f3n de la emergencia sanitaria y las cifras crecientes sobre casos contaminantes y fallecimientos por la Covid-19 en todo el territorio nacional, decidi\u00f3 operativamente reiniciar las actividades acad\u00e9micas para el per\u00edodo 2-2020 con la metodolog\u00eda de clases en el modelo Presencialidad Asistida con Tecnolog\u00edas de la Informaci\u00f3n y la Comunicaci\u00f3n- PracTIC. <\/pee><!-- [et_pb_line_break_holder] -->   <\/div><!-- [et_pb_line_break_holder] --><!-- [et_pb_line_break_holder] --><div style=\"position:relative;float:left;width:50%;height:285px;\"><!-- [et_pb_line_break_holder] -->        <a href=\"https:\/\/unicuces.edu.co\/principal\/wp-content\/uploads\/2020\/07\/14-JULIO-Comunicado-UNICUCES-2-2020-Actividades-Academicas.pdf\" target=\"_blank\" rel=\"noopener\"><img decoding=\"async\" src=\"https:\/\/unicuces.edu.co\/principal\/wp-content\/uploads\/2020\/06\/item-2-MARCO-NORMARTIVO-PANDEMIA-UNICUCES.jpg\" style=\"margin: -4px 0;\"><\/a><!-- [et_pb_line_break_holder] -->   <\/div><!-- [et_pb_line_break_holder] --><\/div><!-- [et_pb_line_break_holder] --><!-- [et_pb_line_break_holder] --><!-- [et_pb_line_break_holder] --><!-- [et_pb_line_break_holder] --><!-- [et_pb_line_break_holder] --><!-- [et_pb_line_break_holder] --><!-- [et_pb_line_break_holder] --><!-- [et_pb_line_break_holder] --><div style=\"position:relative;width: 717px; background-color: #af0a27;margin:5px auto;\"><!-- [et_pb_line_break_holder] -->    <div style=\"position:relative;float:left;width:50%;height:370px;border-right: 5px solid #af0a27;\"><!-- [et_pb_line_break_holder] -->        <a href=\"https:\/\/unicuces.edu.co\/principal\/wp-content\/uploads\/2021\/01\/RES-1-ENE-12-2021-MODALIDAD-DE-TRABAJO-PARA-2021.pdf\" target=\"_blank\" rel=\"noopener\"><img decoding=\"async\" src=\"https:\/\/unicuces.edu.co\/principal\/wp-content\/uploads\/2020\/06\/item-3-MARCO-NORMARTIVO-PANDEMIA-UNICUCES.jpg\" style=\"margin: 0px 0 0 1px;\"><\/a><!-- [et_pb_line_break_holder] -->   <\/div><!-- [et_pb_line_break_holder] --><!-- [et_pb_line_break_holder] -->   <div style=\"position:relative;float:left;width:50%;height:370px;padding: 22px 22px;\"><!-- [et_pb_line_break_holder] -->    <pee style=\" font-size: 25px;text-align: initial; font-weight: 800;font-family: initial;\"><a href=\"https:\/\/unicuces.edu.co\/principal\/wp-content\/uploads\/2021\/01\/RES-1-ENE-12-2021-MODALIDAD-DE-TRABAJO-PARA-2021.pdf\" target=\"_blank\" rel=\"noopener\">RESOLUCI\u00d3N DE <!\u2013- [et_pb_br_holder] -\u2013>RECTOR\u00cdA N\u00ba 01<\/a><\/pee><!-- [et_pb_line_break_holder] -->     <pee style=\" font-size: 17px;text-align: initial; font-weight: 800;font-family: initial;font-style: italic; margin: -24px 0 -16px 0;\">12 de enero del 2021<\/pee><!-- [et_pb_line_break_holder] -->    <pee style=\"font-size: 16px;text-align: initial;font-weight: 700;font-family: inherit;line-height: 17px;\">POR LA CUAL SE DEFINE LA MODALIDAD<!\u2013- [et_pb_br_holder] -\u2013>DE TRABAJO Y OPERACIONES<!\u2013- [et_pb_br_holder] -\u2013>ACAD\u00c9MICAS PARA EL PRIMER SEMESTRE<!\u2013- [et_pb_br_holder] -\u2013>DEL A\u00d1O LECTIVO 2021 EN LA<!\u2013- [et_pb_br_holder] -\u2013>CORPORACI\u00d3N UNIVERSITARIA<!\u2013- [et_pb_br_holder] -\u2013>CENTRO SUPERIOR, UNICUCES.<\/pee><!-- [et_pb_line_break_holder] -->   <\/div><!-- [et_pb_line_break_holder] --><\/div><!-- [et_pb_line_break_holder] --><!-- [et_pb_line_break_holder] --><!-- [et_pb_line_break_holder] --><!-- [et_pb_line_break_holder] --><!-- [et_pb_line_break_holder] --><!-- [et_pb_line_break_holder] --><!-- [et_pb_line_break_holder] --><!-- [et_pb_line_break_holder] --><!-- [et_pb_line_break_holder] --><!-- [et_pb_line_break_holder] --><!-- [et_pb_line_break_holder] --><!-- [et_pb_line_break_holder] --><!-- [et_pb_line_break_holder] --><!-- [et_pb_line_break_holder] --><!-- [et_pb_line_break_holder] --><!-- [et_pb_line_break_holder] --><div style=\"margin: 1284px auto 0;top: 50%;position: relative;width: 717px;height: 10px;background-color: #263570;\"><\/div><!-- [et_pb_line_break_holder] --><!-- [et_pb_line_break_holder] --><div style=\"width: 717px;height: 45px; background-color: #dcdcdc;font-size: 16px;padding: 10px 0 0 0;margin: 0 auto 0;color:#4F3533;font-weight: 700;\">Fuente: Secretar\u00eda General UNICUCES, 2020<\/div><!-- [et_pb_line_break_holder] --><!-- [et_pb_line_break_holder] --><div style=\"width:717px;margin:0 auto;\"><!-- [et_pb_line_break_holder] --><img decoding=\"async\" src=\"http:\/\/www.unicuces.edu.co\/principal\/wp-content\/uploads\/2020\/06\/Unicuces-Fachada-cali-pregrados.jpg\"><!-- [et_pb_line_break_holder] --><\/div><!-- [et_pb_line_break_holder] --><!-- [et_pb_line_break_holder] --><\/div><!-- [et_pb_line_break_holder] --><!-- [et_pb_line_break_holder] --><!-- [et_pb_line_break_holder] --><!-- \/\/\/\/\/\/\/\/\/\/\/\/\/\/\/\/\/\/\/\/\/\/\/\/\/\/\/--><!-- [et_pb_line_break_holder] --><!-- [et_pb_line_break_holder] --><!-- [et_pb_line_break_holder] --><!-- [et_pb_line_break_holder] --><!-- [et_pb_line_break_holder] --><!-- [et_pb_line_break_holder] --><!-- [et_pb_line_break_holder] --><!-- [et_pb_line_break_holder] --><!-- [et_pb_line_break_holder] --><!-- [et_pb_line_break_holder] --><!-- [et_pb_line_break_holder] --><!-- [et_pb_line_break_holder] --><!-- [et_pb_line_break_holder] --><!-- [et_pb_line_break_holder] -->  <button class=\"w3-button w3-black w3-display-left\" onclick=\"plusDivs(-1)\">\u276e<\/button><!-- [et_pb_line_break_holder] -->  <button class=\"w3-button w3-black w3-display-right\" onclick=\"plusDivs(1)\">\u276f<\/button><!-- [et_pb_line_break_holder] --><\/div><!-- [et_pb_line_break_holder] --><!-- [et_pb_line_break_holder] --><script><!-- [et_pb_line_break_holder] -->var slideIndex = 1;<!-- [et_pb_line_break_holder] -->showDivs(slideIndex);<!-- [et_pb_line_break_holder] --><!-- [et_pb_line_break_holder] -->function plusDivs(n) {<!-- [et_pb_line_break_holder] -->  showDivs(slideIndex += n);<!-- [et_pb_line_break_holder] -->}<!-- [et_pb_line_break_holder] --><!-- [et_pb_line_break_holder] -->function showDivs(n) {<!-- [et_pb_line_break_holder] -->  var i;<!-- [et_pb_line_break_holder] -->  var x = document.getElementsByClassName(\"mySlides\");<!-- [et_pb_line_break_holder] -->  if (n > x.length) {slideIndex = 1}<!-- [et_pb_line_break_holder] -->  if (n < 1) {slideIndex = x.length}<!-- [et_pb_line_break_holder] -->  for (i = 0; i < x.length; i++) {<!-- [et_pb_line_break_holder] -->    x[i].style.display = \"none\";  <!-- [et_pb_line_break_holder] -->  }<!-- [et_pb_line_break_holder] -->  x[slideIndex-1].style.display = \"block\";  <!-- [et_pb_line_break_holder] -->}<!-- [et_pb_line_break_holder] --><\/script>[\/et_pb_code][et_pb_text _builder_version=\u00bb3.21&#8243; \/][\/et_pb_column][\/et_pb_row][\/et_pb_section]\n","protected":false},"excerpt":{"rendered":"","protected":false},"author":14,"featured_media":0,"parent":0,"menu_order":0,"comment_status":"closed","ping_status":"closed","template":"","meta":{"_et_pb_use_builder":"on","_et_pb_old_content":"","_et_gb_content_width":"","footnotes":""},"class_list":["post-4361","page","type-page","status-publish","hentry"],"_links":{"self":[{"href":"https:\/\/unicuces.edu.co\/principal\/wp-json\/wp\/v2\/pages\/4361","targetHints":{"allow":["GET"]}}],"collection":[{"href":"https:\/\/unicuces.edu.co\/principal\/wp-json\/wp\/v2\/pages"}],"about":[{"href":"https:\/\/unicuces.edu.co\/principal\/wp-json\/wp\/v2\/types\/page"}],"author":[{"embeddable":true,"href":"https:\/\/unicuces.edu.co\/principal\/wp-json\/wp\/v2\/users\/14"}],"replies":[{"embeddable":true,"href":"https:\/\/unicuces.edu.co\/principal\/wp-json\/wp\/v2\/comments?post=4361"}],"version-history":[{"count":127,"href":"https:\/\/unicuces.edu.co\/principal\/wp-json\/wp\/v2\/pages\/4361\/revisions"}],"predecessor-version":[{"id":6197,"href":"https:\/\/unicuces.edu.co\/principal\/wp-json\/wp\/v2\/pages\/4361\/revisions\/6197"}],"wp:attachment":[{"href":"https:\/\/unicuces.edu.co\/principal\/wp-json\/wp\/v2\/media?parent=4361"}],"curies":[{"name":"wp","href":"https:\/\/api.w.org\/{rel}","templated":true}]}}